{"id":14880,"date":"2017-03-24T09:21:32","date_gmt":"2017-03-24T09:21:32","guid":{"rendered":"https:\/\/fundacionnaturalife.org\/?page_id=14880"},"modified":"2017-03-24T13:53:10","modified_gmt":"2017-03-24T13:53:10","slug":"voluntariado-y-educacion-ambiental","status":"publish","type":"page","link":"https:\/\/fundacionnaturalife.org\/es_es\/voluntariado-y-educacion-ambiental\/","title":{"rendered":"Voluntariado y Educaci\u00f3n Ambiental"},"content":{"rendered":"<div      class=\"vc_row wpb_row section vc_row-fluid  vc_custom_1490363510778\" style=' text-align:left;'><div class=\" full_section_inner clearfix\"><div class=\"wpb_column vc_column_container vc_col-sm-12\"><div class=\"vc_column-inner \"><div class=\"wpb_wrapper\">\n\t<div class=\"wpb_text_column wpb_content_element  vc_custom_1490363587841\">\n\t\t<div class=\"wpb_wrapper\">\n\t\t\t<p>Una de nuestras prioridades es el voluntariado ambiental, ya sea de manera puntual o larga duraci\u00f3n, todo depende de los proyectos que tengamos en marcha o la situaci\u00f3n. Firmamos convenios con Universidades, colegios, centros especiales, publico en general y empresas.<\/p>\n<p>En las actividades puntuales (d\u00edas del \u00e1rbol, jornadas de limpiezas de cauces, ornitol\u00f3gicas, etc..) intentamos realizarlas en horarios no lectivos ni laborales, para que sea una jornada familiar, donde peque\u00f1os y grandes disfruten del d\u00eda, para que sea un d\u00eda a recordar donde prime la sensibilizaci\u00f3n y educaci\u00f3n Medio Ambiental.<\/p>\n\n\t\t<\/div> \n\t<\/div> \n\t<div class=\"wpb_text_column wpb_content_element  vc_custom_1490363482672\">\n\t\t<div class=\"wpb_wrapper\">\n\t\t\t<p><strong>Algunas de nuestras acciones de voluntariado son:<\/strong><\/p>\n\n\t\t<\/div> \n\t<\/div> <div      class=\"vc_row wpb_row section vc_row-fluid vc_inner \" style=' text-align:left;'><div class=\" full_section_inner clearfix\"><div class=\"wpb_column vc_column_container vc_col-sm-6\"><div class=\"vc_column-inner \"><div class=\"wpb_wrapper\"><div class='q_list circle'><\/p>\n<ul>\n<li>Restauraci\u00f3n de \u00e1reas degradadas<\/li>\n<li>Restauraci\u00f3n de zonas incendiadas<\/li>\n<li>Restauraci\u00f3n y limpieza de zonas de agua (riberas, humedales, playas, etc..)<\/li>\n<li>Restauraci\u00f3n de zonas de uso p\u00fablico (Parques, rutas, senderos, albergues, \u00e1reas recreativas, etc..)<\/li>\n<\/ul>\n<p><\/div><\/div><\/div><\/div><div class=\"wpb_column vc_column_container vc_col-sm-6\"><div class=\"vc_column-inner \"><div class=\"wpb_wrapper\"><div class='q_list circle'><\/p>\n<ul>\n<li>Excursiones con personas de capacidad diferente<\/li>\n<li>Observaci\u00f3n de aves y construcci\u00f3n de cajas nido.<\/li>\n<li>Adecuaci\u00f3n de terrenos agr\u00edcolas<\/li>\n<li>Cualquier otro de car\u00e1cter similar o que interese espec\u00edficamente bajo petici\u00f3n.<\/li>\n<\/ul>\n<p><\/div><\/div><\/div><\/div><\/div><\/div><\/div><\/div><\/div><\/div><\/div>\n","protected":false},"excerpt":{"rendered":"Una de nuestras prioridades es el voluntariado ambiental, ya sea de manera puntual o larga duraci\u00f3n, todo depende de los proyectos que tengamos en marcha o la situaci\u00f3n. Firmamos convenios con Universidades, colegios, centros especiales, publico en general y empresas. En las actividades puntuales (d\u00edas...","protected":false},"author":1,"featured_media":0,"parent":0,"menu_order":0,"comment_status":"closed","ping_status":"closed","template":"","meta":{"footnotes":""},"class_list":["post-14880","page","type-page","status-publish","hentry"],"aioseo_notices":[],"_links":{"self":[{"href":"https:\/\/fundacionnaturalife.org\/es_es\/wp-json\/wp\/v2\/pages\/14880","targetHints":{"allow":["GET"]}}],"collection":[{"href":"https:\/\/fundacionnaturalife.org\/es_es\/wp-json\/wp\/v2\/pages"}],"about":[{"href":"https:\/\/fundacionnaturalife.org\/es_es\/wp-json\/wp\/v2\/types\/page"}],"author":[{"embeddable":true,"href":"https:\/\/fundacionnaturalife.org\/es_es\/wp-json\/wp\/v2\/users\/1"}],"replies":[{"embeddable":true,"href":"https:\/\/fundacionnaturalife.org\/es_es\/wp-json\/wp\/v2\/comments?post=14880"}],"version-history":[{"count":0,"href":"https:\/\/fundacionnaturalife.org\/es_es\/wp-json\/wp\/v2\/pages\/14880\/revisions"}],"wp:attachment":[{"href":"https:\/\/fundacionnaturalife.org\/es_es\/wp-json\/wp\/v2\/media?parent=14880"}],"curies":[{"name":"wp","href":"https:\/\/api.w.org\/{rel}","templated":true}]}}